{"id":1602,"date":"2026-03-16T01:38:34","date_gmt":"2026-03-16T00:38:34","guid":{"rendered":"https:\/\/www.vodnymlynkovacova.sk\/?page_id=1602"},"modified":"2026-03-25T17:46:56","modified_gmt":"2026-03-25T16:46:56","slug":"malomjarat","status":"publish","type":"page","link":"https:\/\/www.vodnymlynkovacova.sk\/hu\/prehliadka-mlyna\/","title":{"rendered":"A malom l\u00e1togat\u00e1sa"},"content":{"rendered":"<div class=\"wpb-content-wrapper\"><div class=\"vc_row wpb_row vc_row-fluid vc_custom_1556484376874\"><div class=\"wpb_column vc_column_container vc_col-sm-12\"><div class=\"vc_column-inner\"><div class=\"wpb_wrapper\"><div class=\"cz_gap clr\" style=\"height: 20px\"><\/div><\/div><\/div><\/div><\/div><div class=\"vc_row wpb_row vc_row-fluid vc_custom_1773938067507\"><div class=\"wpb_column vc_column_container vc_col-sm-12\"><div class=\"vc_column-inner\"><div class=\"wpb_wrapper\">\n\t<div class=\"wpb_text_column wpb_content_element vc_custom_1774457210199\" >\n\t\t<div class=\"wpb_wrapper\">\n\t\t\t<h2 style=\"text-align: center;\"><span style=\"font-family: Verdana;\">A malom l\u00e1togat\u00e1sa<\/span><\/h2>\n<p>&nbsp;<\/p>\n<p style=\"text-align: left;\"><span style=\"color: #654321;\"><span style=\"font-family: Verdana;\"><span style=\"font-size: large;\"><b>A vezetett t\u00far\u00e1r\u00f3l<\/b><\/span><\/span><\/span><\/p>\n<p style=\"text-align: left;\"><span style=\"color: #654321;\"><span style=\"font-family: Verdana;\"><span style=\"font-size: large;\">A l\u00e1togat\u00e1s vezetett, magyar\u00e1zattal k\u00eds\u00e9rt t\u00fara a malom t\u00f6rt\u00e9net\u00e9r\u0151l \u00e9s a moln\u00e1rmesters\u00e9gr\u0151l, id\u0151tartama kb. 30\u201345 perc. A v\u00edzimalom a Csermosnya-patak v\u00f6lgy\u00e9ben tal\u00e1lhat\u00f3, Kiskov\u00e1csv\u00e1g\u00e1sa k\u00f6zs\u00e9gben, Rozsny\u00f3 k\u00f6zel\u00e9ben, nem messze a Sz\u00e1del\u0151i-v\u00f6lgyt\u0151l \u00e9s a Som-hegy sziklak\u00e9pz\u0151dm\u00e9ny\u00e9t\u0151l, a Szlov\u00e1k-karszt Nemzeti Park ter\u00fclet\u00e9n. A malom egykor a krasznahorkai Andr\u00e1ssy csal\u00e1d tulajdona volt, ma pedig egyed\u00fcl\u00e1ll\u00f3 m\u0171szaki eml\u00e9k eredeti berendez\u00e9s\u00e9vel.<\/span><\/span><\/span><\/p>\n<p style=\"text-align: left;\"><span style=\"color: #654321;\"><span style=\"font-family: Verdana;\"><span style=\"font-size: large;\"><b>Mit l\u00e1that a t\u00far\u00e1n<\/b><\/span><\/span><\/span><\/p>\n<ul style=\"text-align: left; color: #654321;\">\n<li><span style=\"color: #654321;\"><span style=\"font-family: Verdana;\"><span style=\"font-size: large;\">eredeti malomg\u00e9pek h\u00e1rom szinten, \u00e9s a liszt\u0151rl\u00e9s folyamata<\/span><\/span><\/span><\/li>\n<li><span style=\"color: #654321;\"><span style=\"font-family: Verdana;\"><span style=\"font-size: large;\">m\u0171k\u00f6d\u0151 v\u00edziker\u00e9k \u00e9s malomcsatorna<\/span><\/span><\/span><\/li>\n<li><span style=\"color: #654321;\"><span style=\"font-family: Verdana;\"><span style=\"font-size: large;\">fel\u00faj\u00edtott kendert\u00f6r\u0151<\/span><\/span><\/span><\/li>\n<li><span style=\"color: #654321;\"><span style=\"font-family: Verdana;\"><span style=\"font-size: large;\">a hagyom\u00e1nyos kenderfeldolgoz\u00e1st bemutat\u00f3 ki\u00e1ll\u00edt\u00e1s \u00e9s sz\u0151tt term\u00e9kek<\/span><\/span><\/span><\/li>\n<li><span style=\"color: #654321;\"><span style=\"font-family: Verdana;\"><span style=\"font-size: large;\">g\u00f6m\u00f6ri n\u00e9pi t\u00e1rgyak \u00e9s k\u00e9zm\u0171ves alkot\u00e1sok<\/span><\/span><\/span><\/li>\n<li><span style=\"color: #654321;\"><span style=\"font-family: Verdana;\"><span style=\"font-size: large;\">az utols\u00f3 moln\u00e1r \u00e9s csal\u00e1dj\u00e1nak t\u00f6rt\u00e9nete<\/span><\/span><\/span><\/li>\n<li><span style=\"color: #654321;\"><span style=\"font-family: Verdana;\"><span style=\"font-size: large;\">\u00e9lm\u00e9ny\u0151rl\u00e9s k\u00e9zi malomk\u00f6veken<\/span><\/span><\/span><\/li>\n<\/ul>\n<p>&nbsp;<\/p>\n<p style=\"text-align: left;\"><span style=\"color: #654321;\"><span style=\"font-family: Verdana;\"><span style=\"font-size: large;\"><b>Friss\u00edt\u0151 \u00e9s terasz<\/b><\/span><\/span><\/span><\/p>\n<p style=\"text-align: left;\"><span style=\"color: #654321;\"><span style=\"font-family: Verdana;\"><span style=\"font-size: large;\">A t\u00fara ut\u00e1n pihenhet a kertben l\u00e9v\u0151 teraszon. K\u00edn\u00e1lunk k\u00e1v\u00e9t, forr\u00f3 csokol\u00e1d\u00e9t, h\u00e1zi limon\u00e1d\u00e9kat, csapolt italokat, j\u00e9gkr\u00e9met \u00e9s kisebb harapnival\u00f3kat.<\/span><\/span><\/span><\/p>\n<p style=\"text-align: left;\"><span style=\"color: #654321;\"><span style=\"font-family: Verdana;\"><span style=\"font-size: large;\"><b>Tov\u00e1bbi r\u00e9szletek a t\u00far\u00e1r\u00f3l<\/b><\/span><\/span><\/span><\/p>\n<p style=\"text-align: left;\"><span style=\"color: #654321;\"><span style=\"font-family: Verdana;\"><span style=\"font-size: large;\">A v\u00edzimalom a <\/span><span style=\"font-size: large;\"><b>Csermosnya-patak v\u00f6lgy\u00e9ben,<\/b><\/span><span style=\"font-size: large;\">a fest\u0151i Kiskov\u00e1csv\u00e1g\u00e1sa k\u00f6zs\u00e9gben tal\u00e1lhat\u00f3, Rozsny\u00f3 k\u00f6zel\u00e9ben, a Sz\u00e1del\u0151i-v\u00f6lgy \u00e9s a Som-hegy szikl\u00e1i k\u00f6zel\u00e9ben, <\/span><span style=\"font-size: large;\"><b>a Szlov\u00e1k-Karszt Nemzeti Parkban.<\/b><\/span><span style=\"font-size: large;\">A malom, amely egykor a krasznahorkai <\/span><span style=\"font-size: large;\"><b>Andr\u00e1ssy csal\u00e1d tulajdona volt<\/b><\/span><span style=\"font-size: large;\">, ma egyed\u00fcl\u00e1ll\u00f3 m\u0171szaki eml\u00e9k eredeti berendez\u00e9s\u00e9vel.<\/span><\/span><\/span><\/p>\n<p style=\"text-align: left;\"><span style=\"color: #654321;\"><span style=\"font-family: Verdana;\"><span style=\"font-size: large;\">A vezetett t\u00fara sor\u00e1n h\u00e1rom szinten <\/span><span style=\"font-size: large;\"><b>nemcsak hallhatja, hanem l\u00e1thatja is, hogyan k\u00e9sz\u00edtett\u00e9k r\u00e9gen a lisztet. <\/b><\/span><span style=\"font-size: large;\">Megismerheti az utols\u00f3 moln\u00e1r \u00e9s csal\u00e1dja t\u00f6rt\u00e9net\u00e9t, akik a malomban utolj\u00e1ra dolgoztak az 1950-es \u00e1llamos\u00edt\u00e1s el\u0151tt.\nA ki\u00e1ll\u00edt\u00e1s r\u00e9szei a haszn\u00e1lati t\u00e1rgyak \u00e9s a g\u00f6m\u00f6ri n\u00e9pm\u0171v\u00e9szet darabjai, p\u00e9ld\u00e1ul ker\u00e1mi\u00e1k, agyaged\u00e9nyek, kos\u00e1rak \u00e9s dr\u00f3tt\u00e1rgyak, h\u00edmz\u00e9sek \u00e9s egy\u00e9b helyi k\u00e9zm\u0171ves term\u00e9kek.<\/span><\/span><\/span><\/p>\n<p style=\"text-align: left;\" class=\"translation-block\"><span style=\"color: #654321\"><span style=\"font-family: Verdana\"><span style=\"font-size: large\">A malomn\u00e1l tal\u00e1lhat\u00f3 egy 5 m\u00e9ter \u00e1tm\u00e9r\u0151j\u0171, m\u0171k\u00f6d\u0151 fel\u00fclcsapott v\u00edziker\u00e9k, amelyet a 30 m\u00e9ter hossz\u00fa malomcsatorn\u00e1n \u00e1raml\u00f3 v\u00edz hajt, \u00e9s k\u00f6zelr\u0151l is megtekinthet\u0151. A ker\u00e9k r\u00e9gen nemcsak a malomg\u00e9peket, hanem a kendert\u00f6r\u0151t is hajtotta, amelyet a n\u0151k a kender feldolgoz\u00e1s\u00e1hoz haszn\u00e1ltak. A malomhoz tartoz\u00f3 fel\u00faj\u00edtott kendert\u00f6r\u0151 egyed\u00fcl\u00e1ll\u00f3 az eg\u00e9sz Felvid\u00e9ken.<\/span><\/span><\/span><\/p>\n<p style=\"text-align: left;\" class=\"translation-block\"><span style=\"color: #654321\"><span style=\"font-family: Verdana\"><span style=\"font-size: large\">Egy k\u00fcl\u00f6n helyis\u00e9gben megismerheti a kender n\u00e9pi feldolgoz\u00e1s\u00e1nak pontos l\u00e9p\u00e9seit \u00e9s munkaeszk\u00f6zeit, amelyek seg\u00edts\u00e9g\u00e9vel a kenderrostb\u00f3l sz\u00f6vet k\u00e9sz\u00fcl.<\/span><\/span><\/span><\/p>\n<p style=\"text-align: left;\" class=\"translation-block\"><span style=\"color: #654321\"><span style=\"font-family: Verdana\"><span style=\"font-size: large\">A l\u00e1togat\u00f3k kipr\u00f3b\u00e1lhatj\u00e1k a r\u00e9gi, k\u00e9zi malomk\u00f6veken t\u00f6rt\u00e9n\u0151 \u0151rl\u00e9st, \u00edgy val\u00f3di \u00e9lm\u00e9nyben lehet r\u00e9sz\u00fck.<\/span><\/span><\/span><\/p>\n<p style=\"text-align: left;\" class=\"translation-block\"><span style=\"color: #654321\"><span style=\"font-family: Verdana\"><span style=\"font-size: large\">A t\u00fara ut\u00e1n a l\u00e1togat\u00f3k pihenhetnek a kert terasz\u00e1n, mik\u00f6zben k\u00e1v\u00e9t, forr\u00f3 csokol\u00e1d\u00e9t, h\u00e1zi limon\u00e1d\u00e9t, csapolt italokat, fagylaltot vagy apr\u00f3 harapnival\u00f3kat fogyaszthatnak, \u00e9s \u00e9lvezhetik a kellemes k\u00f6rnyezetet.<\/span><\/span><\/span><\/p>\n<p style=\"text-align: center;\"><span style=\"color: #654321; font-size: 26px;\"><span style=\"font-family: Verdana;\"><b>Egy\u00e9ni l\u00e1togat\u00e1s<\/b><\/span><\/span><\/p>\n<ul style=\"text-align: left; color: #654321;\">\n<li><span style=\"color: #654321;\"><span style=\"font-family: Verdana;\"><span style=\"font-size: large;\">Foglal\u00e1s nem sz\u00fcks\u00e9ges \u2013 sz\u00edvesen l\u00e1tjuk nyitvatart\u00e1si id\u0151ben.<\/span><\/span><\/span><\/li>\n<li><span style=\"color: #654321;\"><span style=\"font-family: Verdana;\"><span style=\"font-size: large;\">A t\u00fara kezdete a l\u00e1togat\u00f3k sz\u00e1m\u00e1hoz igazodik.<\/span><\/span><\/span><\/li>\n<li><span style=\"color: #654321;\"><span style=\"font-family: Verdana;\"><span style=\"font-size: large;\">Ha egy\u00e9nileg vagy kisebb csoportban \u00e9rkezik, el\u0151fordulhat r\u00f6vid, max. 30 perces v\u00e1rakoz\u00e1s.<\/span><\/span><\/span><\/li>\n<li><span style=\"color: #654321;\"><span style=\"font-family: Verdana;\"><span style=\"font-size: large;\">Amennyiben a t\u00fara m\u00e1r folyamatban van, a v\u00e1rakoz\u00e1st kellemesen elt\u00f6ltheti a teraszon, ig\u00e9nybe v\u00e9ve a k\u00edn\u00e1lt friss\u00edt\u0151ket.<\/span><\/span><\/span><\/li>\n<\/ul>\n<p>&nbsp;<\/p>\n<p style=\"text-align: center;\"><span style=\"color: #654321; font-size: 26px;\"><span style=\"font-family: Verdana;\"><b>Csoportos l\u00e1togat\u00e1s (15\u201329 f\u0151)<\/b><\/span><\/span><\/p>\n<ul style=\"text-align: left; color: #654321;\">\n<li><span style=\"color: #654321;\"><span style=\"font-family: Verdana;\"><span style=\"font-size: large;\">El\u0151zetes telefonos bejelentkez\u00e9s javasolt a pontos id\u0151pont biztos\u00edt\u00e1sa \u00e9rdek\u00e9ben.<\/span><\/span><\/span><\/li>\n<li><span style=\"color: #654321;\"><span style=\"font-family: Verdana;\"><span style=\"font-size: large;\">L\u00e1togat\u00e1s lehets\u00e9ges nyitvatart\u00e1si id\u0151n k\u00edv\u00fcl is (m\u00e1jus\u2013okt\u00f3ber), el\u0151zetes egyeztet\u00e9ssel.<\/span><\/span><\/span><\/li>\n<li><span style=\"color: #654321;\"><span style=\"font-family: Verdana;\"><span style=\"font-size: large;\">A bels\u0151 t\u00e9r befogad\u00f3k\u00e9pess\u00e9ge: max. 12 feln\u0151tt egyszerre (a t\u00far\u00e1k kisebb csoportokban zajlanak).<\/span><\/span><\/span><\/li>\n<li><span style=\"color: #654321;\"><span style=\"font-family: Verdana;\"><span style=\"font-size: large;\">El\u0151zetes bejelent\u00e9s n\u00e9lk\u00fcli csoportn\u00e1l el\u0151fordulhat v\u00e1rakoz\u00e1s, k\u00fcl\u00f6n\u00f6sen, ha a t\u00fara m\u00e1r folyamatban van.<\/span><\/span><\/span><\/li>\n<li><span style=\"color: #654321;\"><span style=\"font-family: Verdana;\"><span style=\"font-size: large;\">V\u00e1rakoz\u00e1s vagy t\u00fara ut\u00e1n a teraszon \u00fclve lehet\u0151s\u00e9g van friss\u00edt\u0151k fogyaszt\u00e1s\u00e1ra. <\/span><\/span><\/span><\/li>\n<\/ul>\n<p>&nbsp;<\/p>\n<p style=\"text-align: center;\"><span style=\"color: #654321; font-size: 26px;\"><span style=\"font-family: Verdana;\"><b>Buszos csoportok \u00e9s iskol\u00e1k<\/b><\/span><\/span><\/p>\n<ul style=\"text-align: left; color: #654321;\">\n<li><span style=\"color: #654321;\"><span style=\"font-family: Verdana;\"><span style=\"font-size: large;\">A l\u00e1togat\u00e1s id\u0151pontj\u00e1t legal\u00e1bb 10 nappal el\u0151re k\u00e9rj\u00fck lefoglalni, ide\u00e1lis esetben telefonon.<\/span><\/span><\/span><\/li>\n<li><span style=\"color: #654321;\"><span style=\"font-family: Verdana;\"><span style=\"font-size: large;\">A fedett terasz kapacit\u00e1sa: 50\u201355 f\u0151.<\/span><\/span><\/span><\/li>\n<li><span style=\"color: #654321;\"><span style=\"font-family: Verdana;\"><span style=\"font-size: large;\">30 f\u0151 feletti csoport eset\u00e9n l\u00e1togat\u00e1s lehets\u00e9ges nyitvatart\u00e1si id\u0151n k\u00edv\u00fcl is (m\u00e1jus\u2013okt\u00f3ber).<\/span><\/span><\/span><\/li>\n<li><span style=\"color: #654321;\"><span style=\"font-family: Verdana;\"><span style=\"font-size: large;\">A bels\u0151 t\u00fara 12 f\u0151s csoportokban zajlik, amelyek felv\u00e1ltva l\u00e1togatj\u00e1k a tereket (bels\u0151 t\u00e9r \/ k\u00fcls\u0151 t\u00e9r \/ kenderki\u00e1ll\u00edt\u00e1s \u00e9s k\u00e9zi malom \/ friss\u00edt\u0151 a teraszon).<\/span><\/span><\/span><\/li>\n<li><span style=\"color: #654321;\"><span style=\"font-family: Verdana;\"><span style=\"font-size: large;\">Egy 50 f\u0151s csoport l\u00e1togat\u00e1sa kb. 2 \u00f3r\u00e1t vesz ig\u00e9nybe.<\/span><\/span><\/span><\/li>\n<\/ul>\n<p>&nbsp;<\/p>\n<p style=\"text-align: center;\"><span style=\"color: #654321; font-size: 26px;\"><span style=\"font-family: Verdana;\"><b>Csapat\u00e9p\u00edt\u00e9s \/ v\u00e1llalati csoportok<\/b><\/span><\/span><\/p>\n<ul style=\"text-align: left; color: #654321;\">\n<li><span style=\"color: #654321;\"><span style=\"font-family: Verdana;\"><span style=\"font-size: large;\">Foglal\u00e1s minimum 10 nappal el\u0151re (telefonon).<\/span><\/span><\/span><\/li>\n<li><span style=\"color: #654321;\"><span style=\"font-family: Verdana;\"><span style=\"font-size: large;\">L\u00e1togat\u00e1s lehets\u00e9ges nyitvatart\u00e1si id\u0151n k\u00edv\u00fcl is (m\u00e1jus\u2013okt\u00f3ber), el\u0151zetes egyeztet\u00e9ssel.<\/span><\/span><\/span><\/li>\n<li><span style=\"color: #654321;\"><span style=\"font-family: Verdana;\"><span style=\"font-size: large;\">A program a csoport ig\u00e9nyeihez igaz\u00edthat\u00f3.<\/span><\/span><\/span><\/li>\n<li><span style=\"color: #654321;\"><span style=\"font-family: Verdana;\"><span style=\"font-size: large;\">Friss\u00edt\u0151k \u00e9s teraszon val\u00f3 pihen\u00e9s biztos\u00edtott.<\/span><\/span><\/span><\/li>\n<\/ul>\n<p>&nbsp;<\/p>\n<p style=\"text-align: center;\"><span style=\"color: #654321; font-size: 26px;\"><span style=\"font-family: Verdana;\"><b>Bel\u00e9p\u0151jegyek<\/b><\/span><\/span><\/p>\n<ul style=\"text-align: left; color: #654321;\">\n<li><span style=\"color: #654321;\"><span style=\"font-family: Verdana;\"><span style=\"font-size: large;\">Feln\u0151ttek: 6 \u20ac<\/span><\/span><\/span><\/li>\n<li><span style=\"color: #654321;\"><span style=\"font-family: Verdana;\"><span style=\"font-size: large;\">Nyugd\u00edjasok (62 \u00e9v felett), di\u00e1kok (ISIC), fogyat\u00e9kkal \u00e9l\u0151k: 4,50 \u20ac<\/span><\/span><\/span><\/li>\n<li><span style=\"color: #654321;\"><span style=\"font-family: Verdana;\"><span style=\"font-size: large;\">Gyerekek (6-17 \u00e9ves korig): 3 \u20ac<\/span><\/span><\/span><\/li>\n<li><span style=\"color: #654321;\"><span style=\"font-family: Verdana;\"><span style=\"font-size: large;\">Gyerekek 5 \u00e9ves korig: ingyenes<\/span><\/span><\/span><\/li>\n<li><span style=\"color: #654321;\"><span style=\"font-family: Verdana;\"><span style=\"font-size: large;\">Minim\u00e1lis bel\u00e9p\u0151 (1-2 f\u0151): 10 \u20ac <\/span><\/span><\/span><\/li>\n<\/ul>\n<p style=\"text-align: left;\"><span style=\"color: #654321;\"><span style=\"font-family: Verdana;\"><span style=\"font-size: large;\">A t\u00fara: vezetett, kb. 30\u201345 perc. <\/span><\/span><\/span><\/p>\n<p style=\"text-align: left;\"><span style=\"color: #654321;\"><span style=\"font-family: Verdana;\"><span style=\"font-size: large;\"><b>A bel\u00e9p\u0151jegy a Kiskov\u00e1csv\u00e1g\u00e1si V\u00edzimalom civil szervezet t\u00e1mogat\u00e1s\u00e1t szolg\u00e1lja, \u00e9s a malom meg\u0151rz\u00e9s\u00e9re haszn\u00e1ljuk a k\u00f6vetkez\u0151 gener\u00e1ci\u00f3k sz\u00e1m\u00e1ra. K\u00f6sz\u00f6nj\u00fck a t\u00e1mogat\u00e1st!<\/b><\/span><\/span><\/span><\/p>\n<p style=\"text-align: center;\"><span style=\"color: #654321; font-size: 26px;\"><span style=\"font-family: Verdana;\"><b>Nyitvatart\u00e1s<\/b><\/span><\/span><\/p>\n<p style=\"text-align: left;\"><span style=\"color: #654321;\"><span style=\"font-family: Verdana;\"><span style=\"font-size: large;\"><b>M\u00e1jus, j\u00fanius, szeptember, okt\u00f3ber<\/b><\/span><\/span><\/span><\/p>\n<ul style=\"text-align: left; color: #654321;\">\n<li><span style=\"color: #654321;\"><span style=\"font-family: Verdana;\"><span style=\"font-size: large;\">P\u00e9ntek: 17:00 - 19:00<\/span><\/span><\/span><\/li>\n<li><span style=\"color: #654321;\"><span style=\"font-family: Verdana;\"><span style=\"font-size: large;\">Szombat: 10:00 - 18:00<\/span><\/span><\/span><\/li>\n<li><span style=\"color: #654321;\"><span style=\"font-family: Verdana;\"><span style=\"font-size: large;\">Vas\u00e1rnap: 10:00 - 17:00<\/span><\/span><\/span><\/li>\n<\/ul>\n<p>&nbsp;<\/p>\n<p style=\"text-align: left;\"><span style=\"color: #654321;\"><span style=\"font-family: Verdana;\"><span style=\"font-size: large;\"><b>J\u00falius, augusztus<\/b><\/span><\/span><\/span><\/p>\n<ul style=\"text-align: left; color: #654321;\">\n<li><span style=\"color: #654321;\"><span style=\"font-family: Verdana;\"><span style=\"font-size: large;\">Szerda, cs\u00fct\u00f6rt\u00f6k, p\u00e9ntek: 14:00 - 19:00<\/span><\/span><\/span><\/li>\n<li><span style=\"color: #654321;\"><span style=\"font-family: Verdana;\"><span style=\"font-size: large;\">Szombat, vas\u00e1rnap: 10:00 - 18:00<\/span><\/span><\/span><\/li>\n<\/ul>\n<p>&nbsp;<\/p>\n<p style=\"text-align: left;\"><span style=\"color: #654321;\"><span style=\"font-family: Verdana;\"><span style=\"font-size: large;\"><b>Megjegyz\u00e9s:<\/b><\/span><span style=\"font-size: large;\"> a malom k\u00fcls\u0151 ter\u00fclete csak nyitvatart\u00e1si id\u0151ben, illetve a t\u00far\u00e1k idej\u00e9n l\u00e1togathat\u00f3. <\/span><\/span><\/span><\/p>\n<p style=\"text-align: center;\"><span style=\"color: #654321;\"><span style=\"font-family: Verdana;\"><span style=\"font-size: large;\"><b>T\u00e9li id\u0151szakban (november\u2013\u00e1prilis) a malom z\u00e1rva tart a l\u00e1togat\u00f3k el\u0151tt.<\/b><\/span><\/span><\/span><\/p>\n\n\t\t<\/div>\n\t<\/div>\n<\/div><\/div><\/div><\/div><div class=\"vc_row wpb_row vc_row-fluid\"><div class=\"wpb_column vc_column_container vc_col-sm-6\"><div class=\"vc_column-inner\"><div class=\"wpb_wrapper\">\n\t<div  class=\"wpb_single_image wpb_content_element vc_align_center wpb_content_element\">\n\t\t\n\t\t<figure class=\"wpb_wrapper vc_figure\">\n\t\t\t<div class=\"vc_single_image-wrapper   vc_box_border_grey\"><img decoding=\"async\" width=\"320\" height=\"284\" src=\"https:\/\/www.vodnymlynkovacova.sk\/wp-content\/uploads\/2026\/03\/320megvalosult.jpg\" class=\"vc_single_image-img attachment-full\" alt=\"320megvalosult\" srcset=\"https:\/\/www.vodnymlynkovacova.sk\/wp-content\/uploads\/2026\/03\/320megvalosult.jpg 320w, https:\/\/www.vodnymlynkovacova.sk\/wp-content\/uploads\/2026\/03\/320megvalosult-300x266.jpg 300w, https:\/\/www.vodnymlynkovacova.sk\/wp-content\/uploads\/2026\/03\/320megvalosult-14x12.jpg 14w\" sizes=\"auto, (max-width: 320px) 100vw, 320px\" loading=\"lazy\" title=\"\"><\/div>\n\t\t<\/figure>\n\t<\/div>\n<\/div><\/div><\/div><div class=\"wpb_column vc_column_container vc_col-sm-6\"><div class=\"vc_column-inner\"><div class=\"wpb_wrapper\">\n\t<div  class=\"wpb_single_image wpb_content_element vc_align_center wpb_content_element\">\n\t\t\n\t\t<figure class=\"wpb_wrapper vc_figure\">\n\t\t\t<div class=\"vc_single_image-wrapper   vc_box_border_grey\"><img decoding=\"async\" width=\"320\" height=\"284\" src=\"https:\/\/www.vodnymlynkovacova.sk\/wp-content\/uploads\/2026\/03\/320gabor.jpg\" class=\"vc_single_image-img attachment-full\" alt=\"320db\" srcset=\"https:\/\/www.vodnymlynkovacova.sk\/wp-content\/uploads\/2026\/03\/320gabor.jpg 320w, https:\/\/www.vodnymlynkovacova.sk\/wp-content\/uploads\/2026\/03\/320gabor-300x266.jpg 300w, https:\/\/www.vodnymlynkovacova.sk\/wp-content\/uploads\/2026\/03\/320gabor-14x12.jpg 14w\" sizes=\"auto, (max-width: 320px) 100vw, 320px\" loading=\"lazy\" title=\"\"><\/div>\n\t\t<\/figure>\n\t<\/div>\n<\/div><\/div><\/div><\/div>\n<\/div>","protected":false},"excerpt":{"rendered":"Prehliadka mlyna &nbsp; O prehliadke Prehliadky s\u00fa sprev\u00e1dzan\u00e9 v\u00fdkladom o hist\u00f3rii mlyna a mlyn\u00e1rstve a trvaj\u00fa pribli\u017ene 30\u201345 min\u00fat. Vodn\u00fd","protected":false},"author":1,"featured_media":0,"parent":0,"menu_order":0,"comment_status":"closed","ping_status":"closed","template":"","meta":{"footnotes":""},"class_list":["post-1602","page","type-page","status-publish","hentry"],"_links":{"self":[{"href":"https:\/\/www.vodnymlynkovacova.sk\/hu\/wp-json\/wp\/v2\/pages\/1602","targetHints":{"allow":["GET"]}}],"collection":[{"href":"https:\/\/www.vodnymlynkovacova.sk\/hu\/wp-json\/wp\/v2\/pages"}],"about":[{"href":"https:\/\/www.vodnymlynkovacova.sk\/hu\/wp-json\/wp\/v2\/types\/page"}],"author":[{"embeddable":true,"href":"https:\/\/www.vodnymlynkovacova.sk\/hu\/wp-json\/wp\/v2\/users\/1"}],"replies":[{"embeddable":true,"href":"https:\/\/www.vodnymlynkovacova.sk\/hu\/wp-json\/wp\/v2\/comments?post=1602"}],"version-history":[{"count":45,"href":"https:\/\/www.vodnymlynkovacova.sk\/hu\/wp-json\/wp\/v2\/pages\/1602\/revisions"}],"predecessor-version":[{"id":1992,"href":"https:\/\/www.vodnymlynkovacova.sk\/hu\/wp-json\/wp\/v2\/pages\/1602\/revisions\/1992"}],"wp:attachment":[{"href":"https:\/\/www.vodnymlynkovacova.sk\/hu\/wp-json\/wp\/v2\/media?parent=1602"}],"curies":[{"name":"wp","href":"https:\/\/api.w.org\/{rel}","templated":true}]}}