{"id":1393,"date":"2026-03-09T02:41:36","date_gmt":"2026-03-09T01:41:36","guid":{"rendered":"https:\/\/www.vodnymlynkovacova.sk\/?page_id=1393"},"modified":"2026-03-30T14:52:27","modified_gmt":"2026-03-30T12:52:27","slug":"latnivalok-a-kornyeken","status":"publish","type":"page","link":"https:\/\/www.vodnymlynkovacova.sk\/hu\/atrakcie-v-okoli\/","title":{"rendered":"L\u00e1tnival\u00f3k a Kiskov\u00e1csv\u00e1g\u00e1si v\u00edzimalom k\u00f6zel\u00e9ben"},"content":{"rendered":"<div class=\"wpb-content-wrapper\"><div class=\"vc_row wpb_row vc_row-fluid\"><div class=\"wpb_column vc_column_container vc_col-sm-12\"><div class=\"vc_column-inner\"><div class=\"wpb_wrapper\">\n\t<div class=\"wpb_text_column wpb_content_element\" >\n\t\t<div class=\"wpb_wrapper\">\n\t\t\t<h2 style=\"text-align: center;\"><span style=\"font-family: Verdana;\">L\u00e1tnival\u00f3k a Kiskov\u00e1csv\u00e1g\u00e1si v\u00edzimalom k\u00f6zel\u00e9ben<\/span><\/h2>\n<p>&nbsp;<\/p>\n<p class=\"translation-block\"><span style=\"color:#654321;font-family: Verdana\"><span style=\"font-size: large\"><b>A Szlov\u00e1k-karszt<\/b> sz\u00edv\u00e9ben j\u00e1r \u2013 a szurdokv\u00f6lgyek, fenns\u00edkok, kil\u00e1t\u00e1sok \u00e9s t\u00f6rt\u00e9netek vid\u00e9k\u00e9n. A <b>Kiskov\u00e1csv\u00e1g\u00e1si v\u00edzimalom <\/b>megl\u00e1togat\u00e1sa ut\u00e1n \u00e9rdemes kir\u00e1ndul\u00e1st tenni a k\u00f6rny\u00e9ken \u2013 gyalog, ker\u00e9kp\u00e1rral vagy aut\u00f3val.<\/span><\/span><\/p>\n<p>&nbsp;<\/p>\n<p style=\"text-align: center;\"><span style=\"font-family: Verdana; color: #654321;\"><span style=\"font-size: large;\"><b><span style=\"font-size: 42px; text-decoration: underline;\">Kir\u00e1ndul\u00e1si tippek<\/span> <\/b><\/span><\/span><\/p>\n<p>&nbsp;<\/p>\n<p><span style=\"font-family: Verdana; color: #654321;\"><span style=\"font-size: large;\"><b>Csermosnya v\u00f6lgye<br \/>\n<\/b><\/span><span style=\"font-size: large;\">A csendes v\u00f6lgy\u00f6n a Csermosnya-patak folyik kereszt\u00fcl, amely k\u00fcl\u00f6nleges hangulatot ad a t\u00e1jnak. A v\u00edz \u00e9vsz\u00e1zadokon \u00e1t form\u00e1lta a vid\u00e9ket \u2013 ennek k\u00f6sz\u00f6nhet\u0151en t\u00f6bb malom \u00e9s vash\u00e1mor m\u0171k\u00f6d\u00f6tt itt a m\u00faltban. A v\u00f6lgy kiv\u00e1l\u00f3 hely a term\u00e9szet felfedez\u00e9s\u00e9re \u00e9s egy kellemes kir\u00e1ndul\u00e1sra a malom k\u00f6rny\u00e9k\u00e9n.<\/span><\/span><\/p>\n<p><span style=\"font-family: Verdana; color: #654321;\"><span style=\"font-size: large;\"><b>Tipp\u00fcnk:<\/b><\/span><span style=\"font-size: large;\"> A v\u00f6lgyet \u00e9rdemes ker\u00e9kp\u00e1rral bej\u00e1rni \u2013 kellemes \u00fatvonal gy\u00f6ny\u00f6r\u0171 k\u00f6rnyezetben. A t\u00e9rs\u00e9g Szlov\u00e1kia egyik legtiszt\u00e1bb vid\u00e9ke, ipari szennyez\u00e9s n\u00e9lk\u00fcl.<\/span><\/span><\/p>\n<div style=\"display: flex; flex-wrap: wrap; justify-content: center; width: 100%; gap: 5px;\">\n<p><img loading=\"lazy\" decoding=\"async\" width=\"300\" height=\"300\" class=\"wp-image-1736\" style=\"width: 300px; max-width: 100%; height: auto; margin: 5px; object-fit: cover; flex: 0 1 auto;\" src=\"https:\/\/www.vodnymlynkovacova.sk\/wp-content\/uploads\/2026\/03\/slovensky-kras-vylet-na-bicykli-vodny-mlyn-kovacova-udolie-cremosna_resize-300x300.jpg\" alt=\"\" title=\"\" srcset=\"https:\/\/www.vodnymlynkovacova.sk\/wp-content\/uploads\/2026\/03\/slovensky-kras-vylet-na-bicykli-vodny-mlyn-kovacova-udolie-cremosna_resize-300x300.jpg 300w, https:\/\/www.vodnymlynkovacova.sk\/wp-content\/uploads\/2026\/03\/slovensky-kras-vylet-na-bicykli-vodny-mlyn-kovacova-udolie-cremosna_resize-600x600.jpg 600w, https:\/\/www.vodnymlynkovacova.sk\/wp-content\/uploads\/2026\/03\/slovensky-kras-vylet-na-bicykli-vodny-mlyn-kovacova-udolie-cremosna_resize-1000x1000.jpg 1000w, https:\/\/www.vodnymlynkovacova.sk\/wp-content\/uploads\/2026\/03\/slovensky-kras-vylet-na-bicykli-vodny-mlyn-kovacova-udolie-cremosna_resize-100x100.jpg 100w, https:\/\/www.vodnymlynkovacova.sk\/wp-content\/uploads\/2026\/03\/slovensky-kras-vylet-na-bicykli-vodny-mlyn-kovacova-udolie-cremosna_resize-150x150.jpg 150w, https:\/\/www.vodnymlynkovacova.sk\/wp-content\/uploads\/2026\/03\/slovensky-kras-vylet-na-bicykli-vodny-mlyn-kovacova-udolie-cremosna_resize-768x768.jpg 768w, https:\/\/www.vodnymlynkovacova.sk\/wp-content\/uploads\/2026\/03\/slovensky-kras-vylet-na-bicykli-vodny-mlyn-kovacova-udolie-cremosna_resize-1024x1024.jpg 1024w\" sizes=\"auto, (max-width: 300px) 100vw, 300px\" \/><\/p>\n<p><img loading=\"lazy\" decoding=\"async\" width=\"300\" height=\"300\" class=\"wp-image-1738\" style=\"width: 300px; max-width: 100%; height: auto; margin: 5px; object-fit: cover; flex: 0 1 auto;\" src=\"https:\/\/www.vodnymlynkovacova.sk\/wp-content\/uploads\/2026\/03\/slovensky-kras-turitika-vodny-mlyn-kovacova-udolie-cremosna_resize-300x300.jpg\" alt=\"\" title=\"\" srcset=\"https:\/\/www.vodnymlynkovacova.sk\/wp-content\/uploads\/2026\/03\/slovensky-kras-turitika-vodny-mlyn-kovacova-udolie-cremosna_resize-300x300.jpg 300w, https:\/\/www.vodnymlynkovacova.sk\/wp-content\/uploads\/2026\/03\/slovensky-kras-turitika-vodny-mlyn-kovacova-udolie-cremosna_resize-600x600.jpg 600w, https:\/\/www.vodnymlynkovacova.sk\/wp-content\/uploads\/2026\/03\/slovensky-kras-turitika-vodny-mlyn-kovacova-udolie-cremosna_resize-1000x1000.jpg 1000w, https:\/\/www.vodnymlynkovacova.sk\/wp-content\/uploads\/2026\/03\/slovensky-kras-turitika-vodny-mlyn-kovacova-udolie-cremosna_resize-100x100.jpg 100w, https:\/\/www.vodnymlynkovacova.sk\/wp-content\/uploads\/2026\/03\/slovensky-kras-turitika-vodny-mlyn-kovacova-udolie-cremosna_resize-150x150.jpg 150w, https:\/\/www.vodnymlynkovacova.sk\/wp-content\/uploads\/2026\/03\/slovensky-kras-turitika-vodny-mlyn-kovacova-udolie-cremosna_resize-768x768.jpg 768w, https:\/\/www.vodnymlynkovacova.sk\/wp-content\/uploads\/2026\/03\/slovensky-kras-turitika-vodny-mlyn-kovacova-udolie-cremosna_resize-1024x1024.jpg 1024w\" sizes=\"auto, (max-width: 300px) 100vw, 300px\" \/><\/p>\n<p><img loading=\"lazy\" decoding=\"async\" width=\"300\" height=\"300\" class=\"wp-image-1742\" style=\"width: 300px; max-width: 100%; height: auto; margin: 5px; object-fit: cover; flex: 0 1 auto;\" src=\"https:\/\/www.vodnymlynkovacova.sk\/wp-content\/uploads\/2026\/03\/slovensky-kras-priroda-vodny-mlyn-kovacova-udolie-cremosna_resize-300x300.jpg\" alt=\"\" title=\"\" srcset=\"https:\/\/www.vodnymlynkovacova.sk\/wp-content\/uploads\/2026\/03\/slovensky-kras-priroda-vodny-mlyn-kovacova-udolie-cremosna_resize-300x300.jpg 300w, https:\/\/www.vodnymlynkovacova.sk\/wp-content\/uploads\/2026\/03\/slovensky-kras-priroda-vodny-mlyn-kovacova-udolie-cremosna_resize-600x600.jpg 600w, https:\/\/www.vodnymlynkovacova.sk\/wp-content\/uploads\/2026\/03\/slovensky-kras-priroda-vodny-mlyn-kovacova-udolie-cremosna_resize-1000x1000.jpg 1000w, https:\/\/www.vodnymlynkovacova.sk\/wp-content\/uploads\/2026\/03\/slovensky-kras-priroda-vodny-mlyn-kovacova-udolie-cremosna_resize-100x100.jpg 100w, https:\/\/www.vodnymlynkovacova.sk\/wp-content\/uploads\/2026\/03\/slovensky-kras-priroda-vodny-mlyn-kovacova-udolie-cremosna_resize-150x150.jpg 150w, https:\/\/www.vodnymlynkovacova.sk\/wp-content\/uploads\/2026\/03\/slovensky-kras-priroda-vodny-mlyn-kovacova-udolie-cremosna_resize-768x768.jpg 768w, https:\/\/www.vodnymlynkovacova.sk\/wp-content\/uploads\/2026\/03\/slovensky-kras-priroda-vodny-mlyn-kovacova-udolie-cremosna_resize-1024x1024.jpg 1024w\" sizes=\"auto, (max-width: 300px) 100vw, 300px\" \/><\/p>\n<\/div>\n<p>&nbsp;<\/p>\n<p><span style=\"font-family: Verdana; color: #654321;\"><span style=\"font-size: large;\"><b>Dern\u0151 (Drnava)<\/b><\/span><span style=\"font-size: large;\"><br \/>\nDern\u0151 gazdag b\u00e1ny\u00e1szati \u00e9s koh\u00e1szati m\u00falttal rendelkez\u0151 telep\u00fcl\u00e9s, amely legink\u00e1bb az egykori Andr\u00e1ssy-f\u00e9le vasgy\u00e1rakr\u00f3l ismert. Ezekb\u0151l ma m\u00e1r csak egy \u00e9p\u00fclet maradt fenn a futballp\u00e1lya mellett. A faluban \u00e9rdemes megn\u00e9zni a mintegy 300 \u00e9ves kocs\u00e1nyos t\u00f6lgyet, amely 2020-ban elnyerte az \u00c9v F\u00e1ja c\u00edmet. A k\u00f6zelben tal\u00e1lhat\u00f3 a D\u00e9nes-t\u00e1r\u00f3 is.<\/span><\/span><\/p>\n<p><span style=\"font-family: Verdana; color: #654321;\"><span style=\"font-size: large;\"><b>Tipp\u00fcnk:<\/b><\/span><span style=\"font-size: large;\"> R\u00f6vid s\u00e9ta a D\u00e9nes-t\u00e1r\u00f3hoz \u00e9s az \u00f6reg t\u00f6lgyh\u00f6z Dern\u0151n.<\/span><\/span><\/p>\n<div style=\"display: flex; flex-wrap: wrap; justify-content: center; width: 100%; gap: 5px;\"><img decoding=\"async\" style=\"width: 300px; max-width: 100%; height: auto; margin: 5px !important; object-fit: cover; flex: 0 1 auto;\" src=\"https:\/\/www.vodnymlynkovacova.sk\/wp-content\/uploads\/2026\/03\/slovensky-kras-vylet-vodny-mlyn-kovacova-drnava-bana-denes_resize-300x300.jpg\" alt=\"\" title=\"\"><img decoding=\"async\" style=\"width: 300px; max-width: 100%; height: auto; margin: 5px !important; object-fit: cover; flex: 0 1 auto;\" src=\"https:\/\/www.vodnymlynkovacova.sk\/wp-content\/uploads\/2026\/03\/okokslovensky-kras-vylet-vodny-mlyn-kovacova-drnava-strom-roka-300x300.jpg\" alt=\"\" title=\"\"><\/div>\n<p>&nbsp;<\/p>\n<p><span style=\"font-family: Verdana; color: #654321;\"><span style=\"font-size: large;\"><b>Som-hegy (Kiskov\u00e1csv\u00e1g\u00e1sa)<br \/>\n<\/b><\/span><span style=\"font-size: large;\">A fest\u0151i Kiskov\u00e1csv\u00e1g\u00e1sa falub\u00f3l gy\u00f6ny\u00f6r\u0171 kil\u00e1t\u00e1s ny\u00edlik a Som-hegy sziklaszirtj\u00e9re. <\/span><span style=\"font-size: large;\"><b>A Som-hegy<\/b><\/span><span style=\"font-size: large;\"> (804 m) a Fels\u0151-hegy kiv\u00e1l\u00f3 kir\u00e1ndul\u00f3hely a term\u00e9szet \u00e9s t\u00f6rt\u00e9nelem kedvel\u0151inek.\nA m\u00faltban itt egy \u0151skori magaslati er\u0151d\u00edtett telep\u00fcl\u00e9s, k\u00e9s\u0151bb pedig egy k\u00f6z\u00e9pkori kis v\u00e1r \u00e1llt, amelyet \u00d6rd\u00f6gv\u00e1rnak neveztek. A hely strat\u00e9giai szerepet t\u00f6lt\u00f6tt be: \u0151rizte a Csermosnya-v\u00f6lgy\u00f6n kereszt\u00fcl vezet\u0151 r\u00e9gi utakat. A v\u00e1r a 14. sz\u00e1zadban pusztult el, amikor szerep\u00e9t fokozatosan \u00e1tvette a Krasznahorka v\u00e1ra.\nA k\u00f6zelben tal\u00e1lhat\u00f3 a Sz\u00e9llyuk-szakad\u00e9k, amely k\u00f6r\u00fclbel\u00fcl 120 m\u00e9ter m\u00e9ly. A helyi hagyom\u00e1ny szerint a tat\u00e1rj\u00e1r\u00e1s idej\u00e9n, 1241-ben IV. B\u00e9la kir\u00e1ly is mened\u00e9ket tal\u00e1lt ezen a vid\u00e9ken a Saj\u00f3 menti csata ut\u00e1n.<\/span><\/span><\/p>\n<p><span style=\"font-family: Verdana; color: #654321;\"><span style=\"font-size: large;\"><b>Tipp\u00fcnk:<\/b><\/span><span style=\"font-size: large;\"> Kir\u00e1ndul\u00e1s gyalog vagy ker\u00e9kp\u00e1rral \u2013 a Som-hegy k\u00f6r\u00fcl vagy fel a fenns\u00edkra, ahonnan kil\u00e1t\u00e1s ny\u00edlik Krasznahorka v\u00e1r\u00e1ra.<\/span><\/span><\/p>\n<div style=\"display: flex; flex-wrap: wrap; justify-content: center; width: 100%; gap: 5px;\">\n<p><img loading=\"lazy\" decoding=\"async\" width=\"300\" height=\"300\" class=\"wp-image-1745\" style=\"width: 300px; max-width: 100%; height: auto; margin: 5px; object-fit: cover; flex: 0 1 auto;\" src=\"https:\/\/www.vodnymlynkovacova.sk\/wp-content\/uploads\/2026\/03\/drienovec-vodny-mlyn-kovacova-slovensky-kras-vyhliadka_resize-300x300.jpg\" alt=\"\" title=\"\" srcset=\"https:\/\/www.vodnymlynkovacova.sk\/wp-content\/uploads\/2026\/03\/drienovec-vodny-mlyn-kovacova-slovensky-kras-vyhliadka_resize-300x300.jpg 300w, https:\/\/www.vodnymlynkovacova.sk\/wp-content\/uploads\/2026\/03\/drienovec-vodny-mlyn-kovacova-slovensky-kras-vyhliadka_resize-600x600.jpg 600w, https:\/\/www.vodnymlynkovacova.sk\/wp-content\/uploads\/2026\/03\/drienovec-vodny-mlyn-kovacova-slovensky-kras-vyhliadka_resize-1000x1000.jpg 1000w, https:\/\/www.vodnymlynkovacova.sk\/wp-content\/uploads\/2026\/03\/drienovec-vodny-mlyn-kovacova-slovensky-kras-vyhliadka_resize-100x100.jpg 100w, https:\/\/www.vodnymlynkovacova.sk\/wp-content\/uploads\/2026\/03\/drienovec-vodny-mlyn-kovacova-slovensky-kras-vyhliadka_resize-150x150.jpg 150w, https:\/\/www.vodnymlynkovacova.sk\/wp-content\/uploads\/2026\/03\/drienovec-vodny-mlyn-kovacova-slovensky-kras-vyhliadka_resize-768x768.jpg 768w, https:\/\/www.vodnymlynkovacova.sk\/wp-content\/uploads\/2026\/03\/drienovec-vodny-mlyn-kovacova-slovensky-kras-vyhliadka_resize-1024x1024.jpg 1024w\" sizes=\"auto, (max-width: 300px) 100vw, 300px\" \/><\/p>\n<p><img loading=\"lazy\" decoding=\"async\" width=\"300\" height=\"300\" class=\"wp-image-1744\" style=\"width: 300px; max-width: 100%; height: auto; margin: 5px; object-fit: cover; flex: 0 1 auto;\" src=\"https:\/\/www.vodnymlynkovacova.sk\/wp-content\/uploads\/2026\/03\/drienovec-vodny-mlyn-kovacova-slovensky-kras-vylet_resize-300x300.jpg\" alt=\"\" title=\"\" srcset=\"https:\/\/www.vodnymlynkovacova.sk\/wp-content\/uploads\/2026\/03\/drienovec-vodny-mlyn-kovacova-slovensky-kras-vylet_resize-300x300.jpg 300w, https:\/\/www.vodnymlynkovacova.sk\/wp-content\/uploads\/2026\/03\/drienovec-vodny-mlyn-kovacova-slovensky-kras-vylet_resize-600x600.jpg 600w, https:\/\/www.vodnymlynkovacova.sk\/wp-content\/uploads\/2026\/03\/drienovec-vodny-mlyn-kovacova-slovensky-kras-vylet_resize-1000x1000.jpg 1000w, https:\/\/www.vodnymlynkovacova.sk\/wp-content\/uploads\/2026\/03\/drienovec-vodny-mlyn-kovacova-slovensky-kras-vylet_resize-100x100.jpg 100w, https:\/\/www.vodnymlynkovacova.sk\/wp-content\/uploads\/2026\/03\/drienovec-vodny-mlyn-kovacova-slovensky-kras-vylet_resize-150x150.jpg 150w, https:\/\/www.vodnymlynkovacova.sk\/wp-content\/uploads\/2026\/03\/drienovec-vodny-mlyn-kovacova-slovensky-kras-vylet_resize-768x768.jpg 768w, https:\/\/www.vodnymlynkovacova.sk\/wp-content\/uploads\/2026\/03\/drienovec-vodny-mlyn-kovacova-slovensky-kras-vylet_resize-1024x1024.jpg 1024w\" sizes=\"auto, (max-width: 300px) 100vw, 300px\" \/><\/p>\n<p><img loading=\"lazy\" decoding=\"async\" width=\"300\" height=\"300\" class=\"wp-image-1743\" style=\"width: 300px; max-width: 100%; height: auto; margin: 5px; object-fit: cover; flex: 0 1 auto;\" src=\"https:\/\/www.vodnymlynkovacova.sk\/wp-content\/uploads\/2026\/03\/drienovec-vodny-mlyn-kovacova-turistika-gemer_resize-300x300.jpg\" alt=\"\" title=\"\" srcset=\"https:\/\/www.vodnymlynkovacova.sk\/wp-content\/uploads\/2026\/03\/drienovec-vodny-mlyn-kovacova-turistika-gemer_resize-300x300.jpg 300w, https:\/\/www.vodnymlynkovacova.sk\/wp-content\/uploads\/2026\/03\/drienovec-vodny-mlyn-kovacova-turistika-gemer_resize-600x600.jpg 600w, https:\/\/www.vodnymlynkovacova.sk\/wp-content\/uploads\/2026\/03\/drienovec-vodny-mlyn-kovacova-turistika-gemer_resize-1000x1000.jpg 1000w, https:\/\/www.vodnymlynkovacova.sk\/wp-content\/uploads\/2026\/03\/drienovec-vodny-mlyn-kovacova-turistika-gemer_resize-100x100.jpg 100w, https:\/\/www.vodnymlynkovacova.sk\/wp-content\/uploads\/2026\/03\/drienovec-vodny-mlyn-kovacova-turistika-gemer_resize-150x150.jpg 150w, https:\/\/www.vodnymlynkovacova.sk\/wp-content\/uploads\/2026\/03\/drienovec-vodny-mlyn-kovacova-turistika-gemer_resize-768x768.jpg 768w, https:\/\/www.vodnymlynkovacova.sk\/wp-content\/uploads\/2026\/03\/drienovec-vodny-mlyn-kovacova-turistika-gemer_resize-1024x1024.jpg 1024w\" sizes=\"auto, (max-width: 300px) 100vw, 300px\" \/><\/p>\n<\/div>\n<p>&nbsp;<\/p>\n<p><span style=\"font-family: Verdana; color: #654321;\"><span style=\"font-size: large;\"><b>Huszita templom (L\u00fa\u010dka)<br \/>\n<\/b><\/span><span style=\"font-size: large;\">Ez a 13. sz\u00e1zadb\u00f3l sz\u00e1rmaz\u00f3 korag\u00f3tikus er\u0151d\u00edtett templom romja Lucska falu f\u00f6l\u00f6tt tal\u00e1lhat\u00f3. Nev\u00e9t a huszita eredet\u0171 bratr\u00edk csapatokr\u00f3l kapta, akik a 15. sz\u00e1zadban elfoglalt\u00e1k \u00e9s er\u0151d\u00edtm\u00e9nny\u00e9 alak\u00edtott\u00e1k.\nA rom szabadon l\u00e1togathat\u00f3, \u00e9s a dombtet\u0151r\u0151l romantikus hangulat\u00fa kil\u00e1t\u00e1s ny\u00edlik a Csermosnya-v\u00f6lgyre.<\/span><\/span><\/p>\n<p><span style=\"font-family: Verdana; color: #654321;\"><span style=\"font-size: large;\"><b>Tipp\u00fcnk:<\/b><\/span><span style=\"font-size: large;\"> A v\u00edzimalomt\u00f3l a huszita templomig k\u00f6r\u00fclbel\u00fcl egy\u00f3r\u00e1s s\u00e9ta vezet.<\/span><\/span><\/p>\n<div style=\"display: flex; flex-wrap: wrap; justify-content: center; width: 100%; gap: 5px;\">\n<p><img loading=\"lazy\" decoding=\"async\" width=\"300\" height=\"300\" class=\"wp-image-1740\" style=\"width: 300px; max-width: 100%; height: auto; margin: 5px; object-fit: cover; flex: 0 1 auto;\" src=\"https:\/\/www.vodnymlynkovacova.sk\/wp-content\/uploads\/2026\/03\/slovensky-kras-turistika-vodny-mlyn-kovacova-lucka-husitsky-kostol_resize-300x300.jpg\" alt=\"\" title=\"\" srcset=\"https:\/\/www.vodnymlynkovacova.sk\/wp-content\/uploads\/2026\/03\/slovensky-kras-turistika-vodny-mlyn-kovacova-lucka-husitsky-kostol_resize-300x300.jpg 300w, https:\/\/www.vodnymlynkovacova.sk\/wp-content\/uploads\/2026\/03\/slovensky-kras-turistika-vodny-mlyn-kovacova-lucka-husitsky-kostol_resize-600x600.jpg 600w, https:\/\/www.vodnymlynkovacova.sk\/wp-content\/uploads\/2026\/03\/slovensky-kras-turistika-vodny-mlyn-kovacova-lucka-husitsky-kostol_resize-1000x1000.jpg 1000w, https:\/\/www.vodnymlynkovacova.sk\/wp-content\/uploads\/2026\/03\/slovensky-kras-turistika-vodny-mlyn-kovacova-lucka-husitsky-kostol_resize-100x100.jpg 100w, https:\/\/www.vodnymlynkovacova.sk\/wp-content\/uploads\/2026\/03\/slovensky-kras-turistika-vodny-mlyn-kovacova-lucka-husitsky-kostol_resize-150x150.jpg 150w, https:\/\/www.vodnymlynkovacova.sk\/wp-content\/uploads\/2026\/03\/slovensky-kras-turistika-vodny-mlyn-kovacova-lucka-husitsky-kostol_resize-768x768.jpg 768w, https:\/\/www.vodnymlynkovacova.sk\/wp-content\/uploads\/2026\/03\/slovensky-kras-turistika-vodny-mlyn-kovacova-lucka-husitsky-kostol_resize-1024x1024.jpg 1024w\" sizes=\"auto, (max-width: 300px) 100vw, 300px\" \/><\/p>\n<p><img loading=\"lazy\" decoding=\"async\" width=\"300\" height=\"300\" class=\"wp-image-1732\" style=\"width: 300px; max-width: 100%; height: auto; margin: 5px; object-fit: cover; flex: 0 1 auto;\" src=\"https:\/\/www.vodnymlynkovacova.sk\/wp-content\/uploads\/2026\/03\/slovensky-kras-vylet-vodny-mlyn-kovacova-lucka-husitsky-kostol_resize-300x300.jpg\" alt=\"\" title=\"\" srcset=\"https:\/\/www.vodnymlynkovacova.sk\/wp-content\/uploads\/2026\/03\/slovensky-kras-vylet-vodny-mlyn-kovacova-lucka-husitsky-kostol_resize-300x300.jpg 300w, https:\/\/www.vodnymlynkovacova.sk\/wp-content\/uploads\/2026\/03\/slovensky-kras-vylet-vodny-mlyn-kovacova-lucka-husitsky-kostol_resize-600x600.jpg 600w, https:\/\/www.vodnymlynkovacova.sk\/wp-content\/uploads\/2026\/03\/slovensky-kras-vylet-vodny-mlyn-kovacova-lucka-husitsky-kostol_resize-1000x1000.jpg 1000w, https:\/\/www.vodnymlynkovacova.sk\/wp-content\/uploads\/2026\/03\/slovensky-kras-vylet-vodny-mlyn-kovacova-lucka-husitsky-kostol_resize-100x100.jpg 100w, https:\/\/www.vodnymlynkovacova.sk\/wp-content\/uploads\/2026\/03\/slovensky-kras-vylet-vodny-mlyn-kovacova-lucka-husitsky-kostol_resize-150x150.jpg 150w, https:\/\/www.vodnymlynkovacova.sk\/wp-content\/uploads\/2026\/03\/slovensky-kras-vylet-vodny-mlyn-kovacova-lucka-husitsky-kostol_resize-768x768.jpg 768w, https:\/\/www.vodnymlynkovacova.sk\/wp-content\/uploads\/2026\/03\/slovensky-kras-vylet-vodny-mlyn-kovacova-lucka-husitsky-kostol_resize-1024x1024.jpg 1024w\" sizes=\"auto, (max-width: 300px) 100vw, 300px\" \/><\/p>\n<\/div>\n<p>&nbsp;<\/p>\n<p><span style=\"font-family: Verdana; color: #654321;\"><span style=\"font-size: large;\"><b>Barka\/(B\u00f4rka).&nbsp;<br \/>\n<\/b><\/span><span style=\"font-size: large;\">A Szlov\u00e1k-karszt fenns\u00edkjai k\u00fcl\u00f6nleges hangulat\u00faak: nyitott t\u00e1j, csend \u00e9s messzire ny\u00fal\u00f3 kil\u00e1t\u00e1sok jellemzik \u0151ket. Barka f\u00f6l\u00f6tt, Sz\u00e1del\u0151i-v\u00f6lgy ir\u00e1ny\u00e1ba kir\u00e1ndulhat a H\u00f3lyuk-szakad\u00e9khoz, a Barkai-fenns\u00edkra vagy a Holl\u00f3k\u0151-szikl\u00e1hoz, ahonnan gy\u00f6ny\u00f6r\u0171 panor\u00e1ma ny\u00edlik.<\/span><\/span><\/p>\n<p><span style=\"font-family: Verdana; color: #654321;\"><span style=\"font-size: large;\"><b>Tipp\u00fcnk:<\/b><\/span><span style=\"font-size: large;\"> Ide\u00e1lis kir\u00e1ndul\u00e1s gyalog vagy ker\u00e9kp\u00e1rral.<\/span><\/span><\/p>\n<div style=\"display: flex; flex-wrap: wrap; gap: 20px; justify-content: center; width: 100%;\"><img decoding=\"async\" style=\"width: 22%; min-width: 280px; height: auto; object-fit: cover; flex: 1 1 auto; margin: 0 !important;\" src=\"https:\/\/www.vodnymlynkovacova.sk\/wp-content\/uploads\/2026\/03\/slovensky-kras-turistika-vodny-mlyn-kovacova-pri-roznave-havrania-skala_resize-300x300.jpg\" alt=\"\" title=\"\"><img decoding=\"async\" style=\"width: 22%; min-width: 280px; height: auto; object-fit: cover; flex: 1 1 auto; margin: 0 !important;\" src=\"https:\/\/www.vodnymlynkovacova.sk\/wp-content\/uploads\/2026\/03\/slovensky-kras-vyhliadka-vodny-mlyn-kovacova-pri-roznave-havrania-skala_resize-300x300.jpg\" alt=\"\" title=\"\"><img decoding=\"async\" style=\"width: 22%; min-width: 280px; height: auto; object-fit: cover; flex: 1 1 auto; margin: 0 !important;\" src=\"https:\/\/www.vodnymlynkovacova.sk\/wp-content\/uploads\/2026\/03\/slovensky-kras-vylet-vodny-mlyn-kovacova-pri-roznave-havrania-skala_resize-300x300.jpg\" alt=\"\" title=\"\"><img decoding=\"async\" style=\"width: 22%; min-width: 280px; height: auto; object-fit: cover; flex: 1 1 auto; margin: 0 !important;\" src=\"https:\/\/www.vodnymlynkovacova.sk\/wp-content\/uploads\/2026\/03\/slovensky-kras-vylet-vodny-mlyn-kovacova-pri-roznave-borcianska-planina_resize-300x300.jpg\" alt=\"\" title=\"\"><\/div>\n<p>&nbsp;<\/p>\n<p><span style=\"font-family: Verdana; color: #654321;\"><span style=\"font-size: large;\"><b>Sz\u00e1del\u0151i-v\u00f6lgy<\/b><\/span><span style=\"font-size: large;\"><br \/>\nA Szlov\u00e1k-karszt egyik legszebb v\u00f6lgye, amely meredek szikl\u00e1ir\u00f3l, szurdokair\u00f3l \u00e9s t\u00fara\u00fatvonalair\u00f3l ismert.<\/span><\/span><\/p>\n<p><span style=\"font-family: Verdana;\"><span style=\"font-size: large; color: #654321;\"><b>Tipp\u00fcnk:<\/b><\/span><span style=\"font-size: large;\"><span style=\"color: #654321;\"> K\u00fcl\u00f6nleges kil\u00e1t\u00e1s ny\u00edlik a v\u00f6lgyre fel\u00fclr\u0151l \u2013 az \u00fatvonal a Barka feletti k\u00e1poln\u00e1t\u00f3l indul.<\/span> <\/span><\/span><\/p>\n<div style=\"display: flex; flex-wrap: wrap; justify-content: center; width: 100%; gap: 5px;\"><img decoding=\"async\" class=\"wp-image-1740\" style=\"width: 300px; max-width: 100%; height: auto; margin: 5px; object-fit: cover; flex: 0 1 auto;\" src=\"https:\/\/www.vodnymlynkovacova.sk\/wp-content\/uploads\/2026\/03\/okzadielska-dolina-vylet-slovensky-kras-vodny-mlyn-kovacova-1-300x300.jpg\" alt=\"\" title=\"\"><br \/>\n<img decoding=\"async\" class=\"wp-image-1732\" style=\"width: 300px; max-width: 100%; height: auto; margin: 5px; object-fit: cover; flex: 0 1 auto;\" src=\"https:\/\/www.vodnymlynkovacova.sk\/wp-content\/uploads\/2026\/03\/okzadielska-dolina-vyhliadky-slovensky-kras-vodny-mlyn-kovacova-300x300.jpg\" alt=\"\" title=\"\"><\/div>\n\n\t\t<\/div>\n\t<\/div>\n<\/div><\/div><\/div><\/div><div class=\"vc_row wpb_row vc_row-fluid\"><div class=\"wpb_column vc_column_container vc_col-sm-6\"><div class=\"vc_column-inner\"><div class=\"wpb_wrapper\">\n\t<div  class=\"wpb_single_image wpb_content_element vc_align_center wpb_content_element\">\n\t\t\n\t\t<figure class=\"wpb_wrapper vc_figure\">\n\t\t\t<div class=\"vc_single_image-wrapper   vc_box_border_grey\"><img decoding=\"async\" width=\"320\" height=\"284\" src=\"https:\/\/www.vodnymlynkovacova.sk\/wp-content\/uploads\/2026\/03\/320megvalosult.jpg\" class=\"vc_single_image-img attachment-full\" alt=\"320megvalosult\" srcset=\"https:\/\/www.vodnymlynkovacova.sk\/wp-content\/uploads\/2026\/03\/320megvalosult.jpg 320w, https:\/\/www.vodnymlynkovacova.sk\/wp-content\/uploads\/2026\/03\/320megvalosult-300x266.jpg 300w, https:\/\/www.vodnymlynkovacova.sk\/wp-content\/uploads\/2026\/03\/320megvalosult-14x12.jpg 14w\" sizes=\"auto, (max-width: 320px) 100vw, 320px\" loading=\"lazy\" title=\"\"><\/div>\n\t\t<\/figure>\n\t<\/div>\n<\/div><\/div><\/div><div class=\"wpb_column vc_column_container vc_col-sm-6\"><div class=\"vc_column-inner\"><div class=\"wpb_wrapper\">\n\t<div  class=\"wpb_single_image wpb_content_element vc_align_center wpb_content_element\">\n\t\t\n\t\t<figure class=\"wpb_wrapper vc_figure\">\n\t\t\t<div class=\"vc_single_image-wrapper   vc_box_border_grey\"><img decoding=\"async\" width=\"320\" height=\"284\" src=\"https:\/\/www.vodnymlynkovacova.sk\/wp-content\/uploads\/2026\/03\/320gabor.jpg\" class=\"vc_single_image-img attachment-full\" alt=\"320db\" srcset=\"https:\/\/www.vodnymlynkovacova.sk\/wp-content\/uploads\/2026\/03\/320gabor.jpg 320w, https:\/\/www.vodnymlynkovacova.sk\/wp-content\/uploads\/2026\/03\/320gabor-300x266.jpg 300w, https:\/\/www.vodnymlynkovacova.sk\/wp-content\/uploads\/2026\/03\/320gabor-14x12.jpg 14w\" sizes=\"auto, (max-width: 320px) 100vw, 320px\" loading=\"lazy\" title=\"\"><\/div>\n\t\t<\/figure>\n\t<\/div>\n<\/div><\/div><\/div><\/div>\n<\/div>","protected":false},"excerpt":{"rendered":"Atrakcie v okol\u00ed Vodn\u00e9ho mlyna Kov\u00e1\u010dov\u00e1 &nbsp; Ste v srdci Slovensk\u00e9ho krasu \u2013 v krajine rokl\u00edn, plan\u00edn, v\u00fdh\u013eadov a pr\u00edbehov.","protected":false},"author":1,"featured_media":0,"parent":0,"menu_order":0,"comment_status":"closed","ping_status":"closed","template":"","meta":{"footnotes":""},"class_list":["post-1393","page","type-page","status-publish","hentry"],"_links":{"self":[{"href":"https:\/\/www.vodnymlynkovacova.sk\/hu\/wp-json\/wp\/v2\/pages\/1393","targetHints":{"allow":["GET"]}}],"collection":[{"href":"https:\/\/www.vodnymlynkovacova.sk\/hu\/wp-json\/wp\/v2\/pages"}],"about":[{"href":"https:\/\/www.vodnymlynkovacova.sk\/hu\/wp-json\/wp\/v2\/types\/page"}],"author":[{"embeddable":true,"href":"https:\/\/www.vodnymlynkovacova.sk\/hu\/wp-json\/wp\/v2\/users\/1"}],"replies":[{"embeddable":true,"href":"https:\/\/www.vodnymlynkovacova.sk\/hu\/wp-json\/wp\/v2\/comments?post=1393"}],"version-history":[{"count":58,"href":"https:\/\/www.vodnymlynkovacova.sk\/hu\/wp-json\/wp\/v2\/pages\/1393\/revisions"}],"predecessor-version":[{"id":2077,"href":"https:\/\/www.vodnymlynkovacova.sk\/hu\/wp-json\/wp\/v2\/pages\/1393\/revisions\/2077"}],"wp:attachment":[{"href":"https:\/\/www.vodnymlynkovacova.sk\/hu\/wp-json\/wp\/v2\/media?parent=1393"}],"curies":[{"name":"wp","href":"https:\/\/api.w.org\/{rel}","templated":true}]}}